{"id":1702,"date":"2024-12-23T11:46:22","date_gmt":"2024-12-23T11:46:22","guid":{"rendered":"https:\/\/claudiamarcelaestrada.com\/?page_id=1702"},"modified":"2024-12-23T16:11:39","modified_gmt":"2024-12-23T16:11:39","slug":"gestion-cultural","status":"publish","type":"page","link":"https:\/\/claudiamarcelaestrada.com\/ca\/gestion-cultural\/","title":{"rendered":"Gesti\u00f3n Cultural"},"content":{"rendered":"<div data-elementor-type=\"wp-page\" data-elementor-id=\"1702\" class=\"elementor elementor-1702\" data-elementor-post-type=\"page\">\n\t\t\t\t<div class=\"elementor-element elementor-element-608afca e-flex e-con-boxed e-con e-parent\" data-id=\"608afca\" data-element_type=\"container\" data-settings=\"{&quot;background_background&quot;:&quot;classic&quot;}\">\n\t\t\t\t\t<div class=\"e-con-inner\">\n\t\t<div class=\"elementor-element elementor-element-1acd4e4 e-con-full e-flex e-con e-child\" data-id=\"1acd4e4\" data-element_type=\"container\">\n\t\t\t\t<div class=\"elementor-element elementor-element-f78e0d1 elementor-widget elementor-widget-heading\" data-id=\"f78e0d1\" data-element_type=\"widget\" data-widget_type=\"heading.default\">\n\t\t\t\t<div class=\"elementor-widget-container\">\n\t\t\t\t\t<h1 class=\"elementor-heading-title elementor-size-default\">Gesti\u00f3 Cultural<\/h1>\t\t\t\t<\/div>\n\t\t\t\t<\/div>\n\t\t\t\t<\/div>\n\t\t\t\t\t<\/div>\n\t\t\t\t<\/div>\n\t\t<div class=\"elementor-element elementor-element-ee72601 e-flex e-con-boxed e-con e-parent\" data-id=\"ee72601\" data-element_type=\"container\" data-settings=\"{&quot;background_background&quot;:&quot;classic&quot;}\">\n\t\t\t\t\t<div class=\"e-con-inner\">\n\t\t<div class=\"elementor-element elementor-element-c08b019 e-con-full e-flex e-con e-child\" data-id=\"c08b019\" data-element_type=\"container\">\n\t\t\t\t<div class=\"elementor-element elementor-element-6a38374 elementor-widget elementor-widget-text-editor\" data-id=\"6a38374\" data-element_type=\"widget\" data-widget_type=\"text-editor.default\">\n\t\t\t\t<div class=\"elementor-widget-container\">\n\t\t\t\t\t\t\t\t\t<p>Creure en l\u2019art \u00e9s fer que els mons possibles es facin realitat. Donar-ho tot, apostar-ho tot, creure que els somnis, com deia la Fanny, algunes vegades es fan realitat, i treballar perqu\u00e8 all\u00f2 que un dia va ser una idea es transformi en mem\u00f2ria i inspiraci\u00f3.<\/p>\t\t\t\t\t\t\t\t<\/div>\n\t\t\t\t<\/div>\n\t\t\t\t<\/div>\n\t\t\t\t\t<\/div>\n\t\t\t\t<\/div>\n\t\t<div class=\"elementor-element elementor-element-56b6683 e-flex e-con-boxed e-con e-parent\" data-id=\"56b6683\" data-element_type=\"container\" data-settings=\"{&quot;background_background&quot;:&quot;classic&quot;}\">\n\t\t\t\t\t<div class=\"e-con-inner\">\n\t\t<div class=\"elementor-element elementor-element-c23468f e-con-full e-flex e-con e-child\" data-id=\"c23468f\" data-element_type=\"container\">\n\t\t\t\t<\/div>\n\t\t\t\t\t<\/div>\n\t\t\t\t<\/div>\n\t\t<div class=\"elementor-element elementor-element-2ff15b6 e-flex e-con-boxed e-con e-parent\" data-id=\"2ff15b6\" data-element_type=\"container\" data-settings=\"{&quot;background_background&quot;:&quot;classic&quot;}\">\n\t\t\t\t\t<div class=\"e-con-inner\">\n\t\t<div class=\"elementor-element elementor-element-1fc88b1 e-con-full e-flex e-con e-child\" data-id=\"1fc88b1\" data-element_type=\"container\">\n\t\t\t\t<div class=\"elementor-element elementor-element-a2d70a2 elementor-widget elementor-widget-heading\" data-id=\"a2d70a2\" data-element_type=\"widget\" data-widget_type=\"heading.default\">\n\t\t\t\t<div class=\"elementor-widget-container\">\n\t\t\t\t\t<h2 class=\"elementor-heading-title elementor-size-default\">Enserio Film Festival<\/h2>\t\t\t\t<\/div>\n\t\t\t\t<\/div>\n\t\t\t\t<div class=\"elementor-element elementor-element-751a012 elementor-widget elementor-widget-heading\" data-id=\"751a012\" data-element_type=\"widget\" data-widget_type=\"heading.default\">\n\t\t\t\t<div class=\"elementor-widget-container\">\n\t\t\t\t\t<p class=\"elementor-heading-title elementor-size-default\">Cofundadora amb Judy Luna \n<\/p>\t\t\t\t<\/div>\n\t\t\t\t<\/div>\n\t\t\t\t<\/div>\n\t\t\t\t\t<\/div>\n\t\t\t\t<\/div>\n\t\t<div class=\"elementor-element elementor-element-9d8cfe9 e-flex e-con-boxed e-con e-parent\" data-id=\"9d8cfe9\" data-element_type=\"container\" data-settings=\"{&quot;background_background&quot;:&quot;classic&quot;}\">\n\t\t\t\t\t<div class=\"e-con-inner\">\n\t\t<div class=\"elementor-element elementor-element-d49e308 e-con-full e-flex e-con e-child\" data-id=\"d49e308\" data-element_type=\"container\">\n\t\t\t\t<div class=\"elementor-element elementor-element-1eeb54b elementor-widget elementor-widget-image\" data-id=\"1eeb54b\" data-element_type=\"widget\" data-widget_type=\"image.default\">\n\t\t\t\t<div class=\"elementor-widget-container\">\n\t\t\t\t\t\t\t\t\t\t\t\t\t\t\t<img fetchpriority=\"high\" decoding=\"async\" width=\"1024\" height=\"679\" src=\"https:\/\/claudiamarcelaestrada.com\/wp-content\/uploads\/2024\/12\/enserio-film-festival-1024x679.jpg\" class=\"attachment-large size-large wp-image-1743\" alt=\"\" srcset=\"https:\/\/claudiamarcelaestrada.com\/wp-content\/uploads\/2024\/12\/enserio-film-festival-1024x679.jpg 1024w, https:\/\/claudiamarcelaestrada.com\/wp-content\/uploads\/2024\/12\/enserio-film-festival-300x199.jpg 300w, https:\/\/claudiamarcelaestrada.com\/wp-content\/uploads\/2024\/12\/enserio-film-festival-768x509.jpg 768w, https:\/\/claudiamarcelaestrada.com\/wp-content\/uploads\/2024\/12\/enserio-film-festival-1536x1018.jpg 1536w, https:\/\/claudiamarcelaestrada.com\/wp-content\/uploads\/2024\/12\/enserio-film-festival-18x12.jpg 18w, https:\/\/claudiamarcelaestrada.com\/wp-content\/uploads\/2024\/12\/enserio-film-festival.jpg 1920w\" sizes=\"(max-width: 1024px) 100vw, 1024px\" \/>\t\t\t\t\t\t\t\t\t\t\t\t\t\t\t<\/div>\n\t\t\t\t<\/div>\n\t\t\t\t<\/div>\n\t\t<div class=\"elementor-element elementor-element-cf69b08 e-con-full e-flex e-con e-child\" data-id=\"cf69b08\" data-element_type=\"container\">\n\t\t\t\t<div class=\"elementor-element elementor-element-9fa36e9 elementor-widget elementor-widget-text-editor\" data-id=\"9fa36e9\" data-element_type=\"widget\" data-widget_type=\"text-editor.default\">\n\t\t\t\t<div class=\"elementor-widget-container\">\n\t\t\t\t\t\t\t\t\t<p><strong>enSerio Film Festival<\/strong> va ser un festival de cinema que va celebrar la diversitat, la creativitat i el poder transformador del cinema independent. Amb un enfocament en el cinema d\u2019autor i les narratives que aborden tem\u00e0tiques socials, el festival es va consolidar com un espai \u00fanic per descobrir i reflexionar sobre les hist\u00f2ries que ens connecten a nivell global.<\/p><p>El festival es va caracteritzar per presentar obres que desafien els l\u00edmits de la narrativa convencional, convidant els espectadors a explorar nous mons i a q\u00fcestionar l\u2019status quo. Va promoure un cinema que inspira, emociona i provoca el debat sobre els temes m\u00e9s rellevants de la nostra societat.<\/p><p>Va ser una celebraci\u00f3 de la llibertat creativa, de la valentia dels cineastes que expliquen hist\u00f2ries amb prop\u00f2sit i d\u2019un p\u00fablic que s\u2019atreveix a mirar m\u00e9s enll\u00e0 de la pantalla per comprendre i connectar amb el m\u00f3n que ens envolta.<\/p>\t\t\t\t\t\t\t\t<\/div>\n\t\t\t\t<\/div>\n\t\t\t\t<\/div>\n\t\t\t\t\t<\/div>\n\t\t\t\t<\/div>\n\t\t<div class=\"elementor-element elementor-element-29a3ff3 e-flex e-con-boxed e-con e-parent\" data-id=\"29a3ff3\" data-element_type=\"container\" data-settings=\"{&quot;background_background&quot;:&quot;classic&quot;}\">\n\t\t\t\t\t<div class=\"e-con-inner\">\n\t\t\t\t<div class=\"elementor-element elementor-element-14703f5 elementor-widget elementor-widget-heading\" data-id=\"14703f5\" data-element_type=\"widget\" data-widget_type=\"heading.default\">\n\t\t\t\t<div class=\"elementor-widget-container\">\n\t\t\t\t\t<h3 class=\"elementor-heading-title elementor-size-default\">enSerio Film Festival 2023<\/h3>\t\t\t\t<\/div>\n\t\t\t\t<\/div>\n\t\t\t\t<div class=\"elementor-element elementor-element-1034160 elementor-widget elementor-widget-heading\" data-id=\"1034160\" data-element_type=\"widget\" data-widget_type=\"heading.default\">\n\t\t\t\t<div class=\"elementor-widget-container\">\n\t\t\t\t\t<p class=\"elementor-heading-title elementor-size-default\">Est\u00edmul del Fons de Desenvolupament Cinematogr\u00e0fic de Col\u00f2mbia, FDC, 2023\n<\/p>\t\t\t\t<\/div>\n\t\t\t\t<\/div>\n\t\t\t\t<div class=\"elementor-element elementor-element-e034b7e elementor-widget elementor-widget-heading\" data-id=\"e034b7e\" data-element_type=\"widget\" data-widget_type=\"heading.default\">\n\t\t\t\t<div class=\"elementor-widget-container\">\n\t\t\t\t\t<p class=\"elementor-heading-title elementor-size-default\"><\/br>Est\u00edmul de la Secretaria de Cultura de la Valle del Cauca, 2020.<\/p>\t\t\t\t<\/div>\n\t\t\t\t<\/div>\n\t\t<div class=\"elementor-element elementor-element-1e90996 e-con-full e-flex e-con e-child\" data-id=\"1e90996\" data-element_type=\"container\">\n\t\t\t\t<div class=\"elementor-element elementor-element-a788692 elementor-widget elementor-widget-video\" data-id=\"a788692\" data-element_type=\"widget\" data-settings=\"{&quot;youtube_url&quot;:&quot;https:\\\/\\\/youtu.be\\\/uIsiGhITk6I&quot;,&quot;video_type&quot;:&quot;youtube&quot;,&quot;controls&quot;:&quot;yes&quot;}\" data-widget_type=\"video.default\">\n\t\t\t\t<div class=\"elementor-widget-container\">\n\t\t\t\t\t\t\t<div class=\"elementor-wrapper elementor-open-inline\">\n\t\t\t<div class=\"elementor-video\"><\/div>\t\t<\/div>\n\t\t\t\t\t\t<\/div>\n\t\t\t\t<\/div>\n\t\t\t\t<\/div>\n\t\t\t\t\t<\/div>\n\t\t\t\t<\/div>\n\t\t<div class=\"elementor-element elementor-element-03c163e e-flex e-con-boxed e-con e-parent\" data-id=\"03c163e\" data-element_type=\"container\" data-settings=\"{&quot;background_background&quot;:&quot;classic&quot;}\">\n\t\t\t\t\t<div class=\"e-con-inner\">\n\t\t<div class=\"elementor-element elementor-element-2cdd4fe e-con-full e-flex e-con e-child\" data-id=\"2cdd4fe\" data-element_type=\"container\">\n\t\t\t\t<\/div>\n\t\t\t\t\t<\/div>\n\t\t\t\t<\/div>\n\t\t<div class=\"elementor-element elementor-element-79543c9 e-flex e-con-boxed e-con e-parent\" data-id=\"79543c9\" data-element_type=\"container\" data-settings=\"{&quot;background_background&quot;:&quot;classic&quot;}\">\n\t\t\t\t\t<div class=\"e-con-inner\">\n\t\t<div class=\"elementor-element elementor-element-91ee401 e-con-full e-flex e-con e-child\" data-id=\"91ee401\" data-element_type=\"container\">\n\t\t\t\t<div class=\"elementor-element elementor-element-8a7d30c elementor-widget elementor-widget-heading\" data-id=\"8a7d30c\" data-element_type=\"widget\" data-widget_type=\"heading.default\">\n\t\t\t\t<div class=\"elementor-widget-container\">\n\t\t\t\t\t<h2 class=\"elementor-heading-title elementor-size-default\">1\u00b0 Festival de Flamenco en Cali<\/h2>\t\t\t\t<\/div>\n\t\t\t\t<\/div>\n\t\t\t\t<div class=\"elementor-element elementor-element-02aa603 elementor-widget elementor-widget-heading\" data-id=\"02aa603\" data-element_type=\"widget\" data-widget_type=\"heading.default\">\n\t\t\t\t<div class=\"elementor-widget-container\">\n\t\t\t\t\t<p class=\"elementor-heading-title elementor-size-default\">En colaboraci\u00f3n con Ikanjana, 2017. Gesti\u00f3n, comunicaci\u00f3n y producci\u00f3n\n<\/p>\t\t\t\t<\/div>\n\t\t\t\t<\/div>\n\t\t\t\t<\/div>\n\t\t\t\t\t<\/div>\n\t\t\t\t<\/div>\n\t\t<div class=\"elementor-element elementor-element-fd871c6 e-flex e-con-boxed e-con e-parent\" data-id=\"fd871c6\" data-element_type=\"container\" data-settings=\"{&quot;background_background&quot;:&quot;classic&quot;}\">\n\t\t\t\t\t<div class=\"e-con-inner\">\n\t\t<div class=\"elementor-element elementor-element-40f926b e-con-full e-flex e-con e-child\" data-id=\"40f926b\" data-element_type=\"container\">\n\t\t\t\t<div class=\"elementor-element elementor-element-31b3e91 elementor-widget elementor-widget-image\" data-id=\"31b3e91\" data-element_type=\"widget\" data-widget_type=\"image.default\">\n\t\t\t\t<div class=\"elementor-widget-container\">\n\t\t\t\t\t\t\t\t\t\t\t\t\t\t\t<img decoding=\"async\" width=\"1024\" height=\"768\" src=\"https:\/\/claudiamarcelaestrada.com\/wp-content\/uploads\/2024\/12\/festival-internacional-de-flamenco-cali-claudia-estrada-1024x768.jpg\" class=\"attachment-large size-large wp-image-1799\" alt=\"\" srcset=\"https:\/\/claudiamarcelaestrada.com\/wp-content\/uploads\/2024\/12\/festival-internacional-de-flamenco-cali-claudia-estrada-1024x768.jpg 1024w, https:\/\/claudiamarcelaestrada.com\/wp-content\/uploads\/2024\/12\/festival-internacional-de-flamenco-cali-claudia-estrada-300x225.jpg 300w, https:\/\/claudiamarcelaestrada.com\/wp-content\/uploads\/2024\/12\/festival-internacional-de-flamenco-cali-claudia-estrada-768x576.jpg 768w, https:\/\/claudiamarcelaestrada.com\/wp-content\/uploads\/2024\/12\/festival-internacional-de-flamenco-cali-claudia-estrada-16x12.jpg 16w, https:\/\/claudiamarcelaestrada.com\/wp-content\/uploads\/2024\/12\/festival-internacional-de-flamenco-cali-claudia-estrada.jpg 1440w\" sizes=\"(max-width: 1024px) 100vw, 1024px\" \/>\t\t\t\t\t\t\t\t\t\t\t\t\t\t\t<\/div>\n\t\t\t\t<\/div>\n\t\t\t\t<\/div>\n\t\t<div class=\"elementor-element elementor-element-452b426 e-con-full e-flex e-con e-child\" data-id=\"452b426\" data-element_type=\"container\">\n\t\t\t\t<div class=\"elementor-element elementor-element-48244a7 elementor-widget elementor-widget-text-editor\" data-id=\"48244a7\" data-element_type=\"widget\" data-widget_type=\"text-editor.default\">\n\t\t\t\t<div class=\"elementor-widget-container\">\n\t\t\t\t\t\t\t\t\t<p>El <strong>1\u00b0 Festival Internacional de Flamenc en Cali<\/strong>realitzat el 2017, va marcar un punt d\u2019inflexi\u00f3 en l\u2019escena cultural de la ciutat en ser el primer esdeveniment d\u2019aquesta magnitud dedicat al flamenc. Amb una programaci\u00f3 diversa que va incloure concerts, espectacles de ball, tallers i classes magistrals, el festival va reunir artistes de renom internacional i talents locals, generant un espai \u00fanic per a l\u2019intercanvi cultural. El seu enfocament en el flamenc tradicional i les seves innovacions contempor\u00e0nies va permetre als assistents explorar la riquesa d\u2019aquesta manifestaci\u00f3 art\u00edstica, mentre que la ciutat es consolidava com un important centre cultural a Col\u00f2mbia.<\/p><p>Com a una de les organitzadores d\u2019aquesta primera edici\u00f3, juntament amb la Fundaci\u00f3 Ikanjana, vaig tenir l\u2019honor de liderar la <strong>producci\u00f3 del festival<\/strong> i tota la <strong>estrat\u00e8gia de comunicaci\u00f3<\/strong>Va ser un repte i una gran satisfacci\u00f3 coordinar cada detall, des de la log\u00edstica fins a la promoci\u00f3 del festival, per assegurar que l\u2019experi\u00e8ncia fos enriquidora per a tots els assistents i artistes implicats. Aquest festival no nom\u00e9s va refor\u00e7ar el meu comprom\u00eds amb la cultura, sin\u00f3 que tamb\u00e9 em va permetre contribuir a la consolidaci\u00f3 del flamenc en l\u2019escena art\u00edstica de Cali i de Col\u00f2mbia.<\/p>\t\t\t\t\t\t\t\t<\/div>\n\t\t\t\t<\/div>\n\t\t\t\t<\/div>\n\t\t\t\t\t<\/div>\n\t\t\t\t<\/div>\n\t\t<div class=\"elementor-element elementor-element-e281c02 e-flex e-con-boxed e-con e-parent\" data-id=\"e281c02\" data-element_type=\"container\" data-settings=\"{&quot;background_background&quot;:&quot;classic&quot;}\">\n\t\t\t\t\t<div class=\"e-con-inner\">\n\t\t\t\t<div class=\"elementor-element elementor-element-b13b38b elementor-widget elementor-widget-heading\" data-id=\"b13b38b\" data-element_type=\"widget\" data-widget_type=\"heading.default\">\n\t\t\t\t<div class=\"elementor-widget-container\">\n\t\t\t\t\t<h3 class=\"elementor-heading-title elementor-size-default\">Mem\u00f2ria del festival<\/h3>\t\t\t\t<\/div>\n\t\t\t\t<\/div>\n\t\t<div class=\"elementor-element elementor-element-6b3ba4b e-con-full e-flex e-con e-child\" data-id=\"6b3ba4b\" data-element_type=\"container\">\n\t\t\t\t<div class=\"elementor-element elementor-element-35406dd elementor-widget elementor-widget-video\" data-id=\"35406dd\" data-element_type=\"widget\" data-settings=\"{&quot;youtube_url&quot;:&quot;https:\\\/\\\/youtu.be\\\/zUgQ5I2GUrs&quot;,&quot;video_type&quot;:&quot;youtube&quot;,&quot;controls&quot;:&quot;yes&quot;}\" data-widget_type=\"video.default\">\n\t\t\t\t<div class=\"elementor-widget-container\">\n\t\t\t\t\t\t\t<div class=\"elementor-wrapper elementor-open-inline\">\n\t\t\t<div class=\"elementor-video\"><\/div>\t\t<\/div>\n\t\t\t\t\t\t<\/div>\n\t\t\t\t<\/div>\n\t\t\t\t<\/div>\n\t\t\t\t\t<\/div>\n\t\t\t\t<\/div>\n\t\t<div class=\"elementor-element elementor-element-8d24b1e e-flex e-con-boxed e-con e-parent\" data-id=\"8d24b1e\" data-element_type=\"container\" data-settings=\"{&quot;background_background&quot;:&quot;classic&quot;}\">\n\t\t\t\t\t<div class=\"e-con-inner\">\n\t\t<div class=\"elementor-element elementor-element-4bb4304 e-con-full e-flex e-con e-child\" data-id=\"4bb4304\" data-element_type=\"container\" data-settings=\"{&quot;background_background&quot;:&quot;classic&quot;}\">\n\t\t\t\t<\/div>\n\t\t\t\t\t<\/div>\n\t\t\t\t<\/div>\n\t\t<div class=\"elementor-element elementor-element-6b6de46 e-flex e-con-boxed e-con e-parent\" data-id=\"6b6de46\" data-element_type=\"container\" data-settings=\"{&quot;background_background&quot;:&quot;classic&quot;}\">\n\t\t\t\t\t<div class=\"e-con-inner\">\n\t\t<div class=\"elementor-element elementor-element-ad1fe8d e-con-full e-flex e-con e-child\" data-id=\"ad1fe8d\" data-element_type=\"container\">\n\t\t\t\t<div class=\"elementor-element elementor-element-ed3a6a5 elementor-widget elementor-widget-heading\" data-id=\"ed3a6a5\" data-element_type=\"widget\" data-widget_type=\"heading.default\">\n\t\t\t\t<div class=\"elementor-widget-container\">\n\t\t\t\t\t<h2 class=\"elementor-heading-title elementor-size-default\">Revista Ark\u00e9<\/h2>\t\t\t\t<\/div>\n\t\t\t\t<\/div>\n\t\t\t\t<div class=\"elementor-element elementor-element-f4281b6 elementor-widget elementor-widget-heading\" data-id=\"f4281b6\" data-element_type=\"widget\" data-widget_type=\"heading.default\">\n\t\t\t\t<div class=\"elementor-widget-container\">\n\t\t\t\t\t<p class=\"elementor-heading-title elementor-size-default\">Premi 'Celebra la m\u00fasica' del Ministeri de Cultura<\/p>\t\t\t\t<\/div>\n\t\t\t\t<\/div>\n\t\t\t\t<\/div>\n\t\t\t\t\t<\/div>\n\t\t\t\t<\/div>\n\t\t<div class=\"elementor-element elementor-element-3d5f524 e-flex e-con-boxed e-con e-parent\" data-id=\"3d5f524\" data-element_type=\"container\" data-settings=\"{&quot;background_background&quot;:&quot;classic&quot;}\">\n\t\t\t\t\t<div class=\"e-con-inner\">\n\t\t<div class=\"elementor-element elementor-element-9a8b6de e-con-full e-flex e-con e-child\" data-id=\"9a8b6de\" data-element_type=\"container\">\n\t\t\t\t<div class=\"elementor-element elementor-element-685c639 elementor-widget elementor-widget-image\" data-id=\"685c639\" data-element_type=\"widget\" data-widget_type=\"image.default\">\n\t\t\t\t<div class=\"elementor-widget-container\">\n\t\t\t\t\t\t\t\t\t\t\t\t\t\t\t<img decoding=\"async\" width=\"479\" height=\"664\" src=\"https:\/\/claudiamarcelaestrada.com\/wp-content\/uploads\/2024\/12\/Revista-Arke-Claudia-Marcela.png\" class=\"attachment-large size-large wp-image-1834\" alt=\"\" srcset=\"https:\/\/claudiamarcelaestrada.com\/wp-content\/uploads\/2024\/12\/Revista-Arke-Claudia-Marcela.png 479w, https:\/\/claudiamarcelaestrada.com\/wp-content\/uploads\/2024\/12\/Revista-Arke-Claudia-Marcela-216x300.png 216w, https:\/\/claudiamarcelaestrada.com\/wp-content\/uploads\/2024\/12\/Revista-Arke-Claudia-Marcela-9x12.png 9w\" sizes=\"(max-width: 479px) 100vw, 479px\" \/>\t\t\t\t\t\t\t\t\t\t\t\t\t\t\t<\/div>\n\t\t\t\t<\/div>\n\t\t\t\t<\/div>\n\t\t<div class=\"elementor-element elementor-element-89394af e-con-full e-flex e-con e-child\" data-id=\"89394af\" data-element_type=\"container\">\n\t\t\t\t<div class=\"elementor-element elementor-element-b0127ca elementor-widget elementor-widget-text-editor\" data-id=\"b0127ca\" data-element_type=\"widget\" data-widget_type=\"text-editor.default\">\n\t\t\t\t<div class=\"elementor-widget-container\">\n\t\t\t\t\t\t\t\t\t<p>La <strong>Revista Ark\u00e9<\/strong> va ser una publicaci\u00f3 cultural i d'art que va circular entre 2010 i 2012 a <strong>Cali, Colombia<\/strong>, destacant-se pel seu enfocament innovador i la seva proposta \u00fanica en el panorama dels mitjans de comunicaci\u00f3 de la ciutat. Nascuda amb la intenci\u00f3 de promoure les arts visuals, la literatura, la m\u00fasica, el cinema i altres disciplines art\u00edstiques, Ark\u00e9 es va convertir en un important referent per als amants de la cultura a la regi\u00f3.<\/p><p>La revista no nom\u00e9s es va centrar en difondre la feina d'artistes i creadors locals, sin\u00f3 que tamb\u00e9 va obrir un espai per al di\u00e0leg sobre les tend\u00e8ncies culturals i els moviments socials de l'\u00e8poca. A trav\u00e9s de les seves p\u00e0gines, Ark\u00e9 es va caracteritzar pel seu disseny cuidat, el seu enfocament editorial comprom\u00e8s amb la reflexi\u00f3 cr\u00edtica i la seva capacitat per integrar diferents veus i perspectives dins de l'escena cultural de Cali i m\u00e9s enll\u00e0.<\/p><p>En la seva curta per\u00f2 significativa exist\u00e8ncia, Ark\u00e9 va aconseguir guanyar el <strong>premi del Ministeri de Cultura<\/strong> a Col\u00f2mbia, destacant-se com el segon mitj\u00e0 a nivell nacional en fer \u00fas de tecnologies digitals per a la promoci\u00f3 de la m\u00fasica de <strong>\u201cCelebra la M\u00fasica\u201d<\/strong>. Aquesta distinci\u00f3 va subratllar la import\u00e0ncia de la revista com a plataforma cultural, evidenciant el seu impacte en la promoci\u00f3 de la cultura digital a Col\u00f2mbia.<\/p>\t\t\t\t\t\t\t\t<\/div>\n\t\t\t\t<\/div>\n\t\t\t\t<\/div>\n\t\t\t\t\t<\/div>\n\t\t\t\t<\/div>\n\t\t<div class=\"elementor-element elementor-element-4d16d9a e-flex e-con-boxed e-con e-parent\" data-id=\"4d16d9a\" data-element_type=\"container\" data-settings=\"{&quot;background_background&quot;:&quot;classic&quot;}\">\n\t\t\t\t\t<div class=\"e-con-inner\">\n\t\t<div class=\"elementor-element elementor-element-d7b44f8 e-con-full e-flex e-con e-child\" data-id=\"d7b44f8\" data-element_type=\"container\">\n\t\t\t\t<div class=\"elementor-element elementor-element-7d6d949 elementor-widget elementor-widget-image\" data-id=\"7d6d949\" data-element_type=\"widget\" data-widget_type=\"image.default\">\n\t\t\t\t<div class=\"elementor-widget-container\">\n\t\t\t\t\t\t\t\t\t\t\t\t\t\t\t<img loading=\"lazy\" decoding=\"async\" width=\"488\" height=\"656\" src=\"https:\/\/claudiamarcelaestrada.com\/wp-content\/uploads\/2024\/12\/Revista-Arke-1-Claudia-estrada.png\" class=\"attachment-large size-large wp-image-1924\" alt=\"\" srcset=\"https:\/\/claudiamarcelaestrada.com\/wp-content\/uploads\/2024\/12\/Revista-Arke-1-Claudia-estrada.png 488w, https:\/\/claudiamarcelaestrada.com\/wp-content\/uploads\/2024\/12\/Revista-Arke-1-Claudia-estrada-223x300.png 223w, https:\/\/claudiamarcelaestrada.com\/wp-content\/uploads\/2024\/12\/Revista-Arke-1-Claudia-estrada-9x12.png 9w\" sizes=\"(max-width: 488px) 100vw, 488px\" \/>\t\t\t\t\t\t\t\t\t\t\t\t\t\t\t<\/div>\n\t\t\t\t<\/div>\n\t\t\t\t<\/div>\n\t\t<div class=\"elementor-element elementor-element-8d0ef42 e-con-full e-flex e-con e-child\" data-id=\"8d0ef42\" data-element_type=\"container\">\n\t\t\t\t<div class=\"elementor-element elementor-element-3e849d2 elementor-widget elementor-widget-image\" data-id=\"3e849d2\" data-element_type=\"widget\" data-widget_type=\"image.default\">\n\t\t\t\t<div class=\"elementor-widget-container\">\n\t\t\t\t\t\t\t\t\t\t\t\t\t\t\t<img loading=\"lazy\" decoding=\"async\" width=\"476\" height=\"660\" src=\"https:\/\/claudiamarcelaestrada.com\/wp-content\/uploads\/2024\/12\/Revista-Arke-CLaudia-Estrada-2.png\" class=\"attachment-large size-large wp-image-1912\" alt=\"\" srcset=\"https:\/\/claudiamarcelaestrada.com\/wp-content\/uploads\/2024\/12\/Revista-Arke-CLaudia-Estrada-2.png 476w, https:\/\/claudiamarcelaestrada.com\/wp-content\/uploads\/2024\/12\/Revista-Arke-CLaudia-Estrada-2-216x300.png 216w, https:\/\/claudiamarcelaestrada.com\/wp-content\/uploads\/2024\/12\/Revista-Arke-CLaudia-Estrada-2-9x12.png 9w\" sizes=\"(max-width: 476px) 100vw, 476px\" \/>\t\t\t\t\t\t\t\t\t\t\t\t\t\t\t<\/div>\n\t\t\t\t<\/div>\n\t\t\t\t<\/div>\n\t\t\t\t\t<\/div>\n\t\t\t\t<\/div>\n\t\t<div class=\"elementor-element elementor-element-f40cb64 e-flex e-con-boxed e-con e-parent\" data-id=\"f40cb64\" data-element_type=\"container\" data-settings=\"{&quot;background_background&quot;:&quot;classic&quot;}\">\n\t\t\t\t\t<div class=\"e-con-inner\">\n\t\t\t\t<div class=\"elementor-element elementor-element-5250015 elementor-widget elementor-widget-text-editor\" data-id=\"5250015\" data-element_type=\"widget\" data-widget_type=\"text-editor.default\">\n\t\t\t\t<div class=\"elementor-widget-container\">\n\t\t\t\t\t\t\t\t\t<div class=\"flex-shrink-0 flex flex-col relative items-end\"><div><div class=\"pt-0\"><div class=\"gizmo-bot-avatar flex h-8 w-8 items-center justify-center overflow-hidden rounded-full\"><div class=\"relative p-1 rounded-sm flex items-center justify-center bg-token-main-surface-primary text-token-text-primary h-8 w-8\">\u00a0<\/div><\/div><\/div><\/div><\/div><div class=\"group\/conversation-turn relative flex w-full min-w-0 flex-col agent-turn\"><div class=\"flex-col gap-1 md:gap-3\"><div class=\"flex max-w-full flex-col flex-grow\"><div class=\"min-h-8 text-message flex w-full flex-col items-end gap-2 whitespace-normal break-words text-start [.text-message+&amp;]:mt-5\" dir=\"auto\" data-message-author-role=\"assistant\" data-message-id=\"c3980254-fec1-4918-bd01-52a81261def9\" data-message-model-slug=\"gpt-4o\"><div class=\"flex w-full flex-col gap-1 empty:hidden first:pt-[3px]\"><div class=\"markdown prose w-full break-words dark:prose-invert light\"><p>La <strong>Revista Ark\u00e9<\/strong> va ser un projecte cultural que vaig tenir l'honor de liderar juntament amb <strong>Melissa Rodr\u00edguez<\/strong>, qui va estar a c\u00e0rrec de la gesti\u00f3 comercial i les relacions p\u00fabliques, i <strong>Virginia Contreras<\/strong>, responsable de l'incre\u00efble disseny gr\u00e0fic. Vaig assumir la direcci\u00f3 editorial i la creaci\u00f3 de continguts de la revista, amb un enfocament en construir una narrativa que destac\u00e9s la riquesa cultural i art\u00edstica de la nostra regi\u00f3. La meva tasca va incloure la conceptualitzaci\u00f3 i redacci\u00f3 d'articles, la curadoria de temes rellevants i la coordinaci\u00f3 de col\u00b7laboracions amb artistes, escriptors i m\u00fasics, assegurant-me que cada edici\u00f3 reflect\u00eds l'ess\u00e8ncia i els valors d'Ark\u00e9. Aquest projecte no nom\u00e9s em va permetre aportar la meva experi\u00e8ncia en comunicaci\u00f3, sin\u00f3 tamb\u00e9 consolidar el meu comprom\u00eds amb la gesti\u00f3 cultural i l'impuls a iniciatives que generin impacte en la comunitat art\u00edstica.<\/p><\/div><\/div><\/div><\/div><\/div><\/div>\t\t\t\t\t\t\t\t<\/div>\n\t\t\t\t<\/div>\n\t\t\t\t\t<\/div>\n\t\t\t\t<\/div>\n\t\t\t\t<\/div>","protected":false},"excerpt":{"rendered":"<p>Gesti\u00f3n Cultural Creer en el arte es hacer que los mundos posibles se hagan realidad. Darlo todo, apostarlo todo, creer que los sue\u00f1os, como dec\u00eda Fanny, algunas veces se hacen realidad, y trabajar para que lo que un d\u00eda fue una idea, se transforme en memoria e inspiraci\u00f3n. Enserio Film Festival Co fundadora en compa\u00f1\u00eda [&hellip;]<\/p>","protected":false},"author":1,"featured_media":0,"parent":0,"menu_order":0,"comment_status":"closed","ping_status":"closed","template":"","meta":{"site-sidebar-layout":"no-sidebar","site-content-layout":"page-builder","ast-site-content-layout":"full-width-container","site-content-style":"unboxed","site-sidebar-style":"unboxed","ast-global-header-display":"","ast-banner-title-visibility":"","ast-main-header-display":"","ast-hfb-above-header-display":"","ast-hfb-below-header-display":"","ast-hfb-mobile-header-display":"","site-post-title":"disabled","ast-breadcrumbs-content":"","ast-featured-img":"disabled","footer-sml-layout":"","theme-transparent-header-meta":"enabled","adv-header-id-meta":"","stick-header-meta":"","header-above-stick-meta":"","header-main-stick-meta":"","header-below-stick-meta":"","astra-migrate-meta-layouts":"set","ast-page-background-enabled":"default","ast-page-background-meta":{"desktop":{"background-color":"","background-image":"","background-repeat":"repeat","background-position":"center center","background-size":"auto","background-attachment":"scroll","background-type":"","background-media":"","overlay-type":"","overlay-color":"","overlay-opacity":"","overlay-gradient":""},"tablet":{"background-color":"","background-image":"","background-repeat":"repeat","background-position":"center center","background-size":"auto","background-attachment":"scroll","background-type":"","background-media":"","overlay-type":"","overlay-color":"","overlay-opacity":"","overlay-gradient":""},"mobile":{"background-color":"","background-image":"","background-repeat":"repeat","background-position":"center center","background-size":"auto","background-attachment":"scroll","background-type":"","background-media":"","overlay-type":"","overlay-color":"","overlay-opacity":"","overlay-gradient":""}},"ast-content-background-meta":{"desktop":{"background-color":"var(--ast-global-color-5)","background-image":"","background-repeat":"repeat","background-position":"center center","background-size":"auto","background-attachment":"scroll","background-type":"","background-media":"","overlay-type":"","overlay-color":"","overlay-opacity":"","overlay-gradient":""},"tablet":{"background-color":"var(--ast-global-color-5)","background-image":"","background-repeat":"repeat","background-position":"center center","background-size":"auto","background-attachment":"scroll","background-type":"","background-media":"","overlay-type":"","overlay-color":"","overlay-opacity":"","overlay-gradient":""},"mobile":{"background-color":"var(--ast-global-color-5)","background-image":"","background-repeat":"repeat","background-position":"center center","background-size":"auto","background-attachment":"scroll","background-type":"","background-media":"","overlay-type":"","overlay-color":"","overlay-opacity":"","overlay-gradient":""}},"footnotes":""},"class_list":["post-1702","page","type-page","status-publish","hentry"],"_links":{"self":[{"href":"https:\/\/claudiamarcelaestrada.com\/ca\/wp-json\/wp\/v2\/pages\/1702","targetHints":{"allow":["GET"]}}],"collection":[{"href":"https:\/\/claudiamarcelaestrada.com\/ca\/wp-json\/wp\/v2\/pages"}],"about":[{"href":"https:\/\/claudiamarcelaestrada.com\/ca\/wp-json\/wp\/v2\/types\/page"}],"author":[{"embeddable":true,"href":"https:\/\/claudiamarcelaestrada.com\/ca\/wp-json\/wp\/v2\/users\/1"}],"replies":[{"embeddable":true,"href":"https:\/\/claudiamarcelaestrada.com\/ca\/wp-json\/wp\/v2\/comments?post=1702"}],"version-history":[{"count":0,"href":"https:\/\/claudiamarcelaestrada.com\/ca\/wp-json\/wp\/v2\/pages\/1702\/revisions"}],"wp:attachment":[{"href":"https:\/\/claudiamarcelaestrada.com\/ca\/wp-json\/wp\/v2\/media?parent=1702"}],"curies":[{"name":"wp","href":"https:\/\/api.w.org\/{rel}","templated":true}]}}