{"id":2004,"date":"2025-01-24T16:01:32","date_gmt":"2025-01-24T16:01:32","guid":{"rendered":"https:\/\/claudiamarcelaestrada.com\/?page_id=2004"},"modified":"2025-01-24T18:33:16","modified_gmt":"2025-01-24T18:33:16","slug":"grietas","status":"publish","type":"page","link":"https:\/\/claudiamarcelaestrada.com\/ca\/grietas\/","title":{"rendered":"Grietas"},"content":{"rendered":"<div data-elementor-type=\"wp-page\" data-elementor-id=\"2004\" class=\"elementor elementor-2004\" data-elementor-post-type=\"page\">\n\t\t\t\t<div class=\"elementor-element elementor-element-ee72601 e-flex e-con-boxed e-con e-parent\" data-id=\"ee72601\" data-element_type=\"container\" data-settings=\"{&quot;background_background&quot;:&quot;classic&quot;}\">\n\t\t\t\t\t<div class=\"e-con-inner\">\n\t\t<div class=\"elementor-element elementor-element-c08b019 e-con-full e-flex e-con e-child\" data-id=\"c08b019\" data-element_type=\"container\">\n\t\t\t\t<div class=\"elementor-element elementor-element-f78e0d1 elementor-widget elementor-widget-heading\" data-id=\"f78e0d1\" data-element_type=\"widget\" data-widget_type=\"heading.default\">\n\t\t\t\t<div class=\"elementor-widget-container\">\n\t\t\t\t\t<h1 class=\"elementor-heading-title elementor-size-default\">Grietas<\/h1>\t\t\t\t<\/div>\n\t\t\t\t<\/div>\n\t\t\t\t<div class=\"elementor-element elementor-element-0e0b909 elementor-widget elementor-widget-heading\" data-id=\"0e0b909\" data-element_type=\"widget\" data-widget_type=\"heading.default\">\n\t\t\t\t<div class=\"elementor-widget-container\">\n\t\t\t\t\t<h3 class=\"elementor-heading-title elementor-size-default\">[2022-2023]\n<\/h3>\t\t\t\t<\/div>\n\t\t\t\t<\/div>\n\t\t\t\t<\/div>\n\t\t\t\t\t<\/div>\n\t\t\t\t<\/div>\n\t\t<div class=\"elementor-element elementor-element-36b8ccd e-flex e-con-boxed e-con e-parent\" data-id=\"36b8ccd\" data-element_type=\"container\" data-settings=\"{&quot;background_background&quot;:&quot;classic&quot;}\">\n\t\t\t\t\t<div class=\"e-con-inner\">\n\t\t<div class=\"elementor-element elementor-element-6799678 e-con-full e-flex e-con e-child\" data-id=\"6799678\" data-element_type=\"container\">\n\t\t\t\t<div class=\"elementor-element elementor-element-cf4d813 elementor-widget elementor-widget-text-editor\" data-id=\"cf4d813\" data-element_type=\"widget\" data-widget_type=\"text-editor.default\">\n\t\t\t\t<div class=\"elementor-widget-container\">\n\t\t\t\t\t\t\t\t\t<p>Dos materiales que se separan: el sujeto y su lugar de origen. El movimiento implica rupturas, cambios que se ven reflejados en la corteza del alma o de aquello que nos rodea. Fracturas de lo que somos -o creemos ser- y del mundo que reconocemos. Migrar implica deconstruirnos para volver a nacer, un movimiento permanente que nos obliga a crear nuevos mundos y a ser testigos de la decadencia, a veces silenciosa, de lo que alguna vez amamos y tambi\u00e9n fue nuestro.<\/p><p>Las grietas son el s\u00edmbolo del movimiento, de esa respuesta ambigua que a veces convoca el final, pero a partir de la cual tambi\u00e9n se intuye el nacimiento, la creaci\u00f3n. Algo termina y comienza al mismo tiempo.&#8217;Grietas&#8217; es una aproximaci\u00f3n visual a la construcci\u00f3n de la identidad en el proceso de migraci\u00f3n, entre aquello que a\u00fan no se define y fluct\u00faa entre el recuerdo y el anhelo. Trazos ambiguos, en los que el pasado y el presente conviven para tratar de definir aquello que somos mientras seguimos andando.\u00a0<\/p>\t\t\t\t\t\t\t\t<\/div>\n\t\t\t\t<\/div>\n\t\t\t\t<\/div>\n\t\t\t\t\t<\/div>\n\t\t\t\t<\/div>\n\t\t<div class=\"elementor-element elementor-element-56b6683 e-flex e-con-boxed e-con e-parent\" data-id=\"56b6683\" data-element_type=\"container\" data-settings=\"{&quot;background_background&quot;:&quot;classic&quot;}\">\n\t\t\t\t\t<div class=\"e-con-inner\">\n\t\t<div class=\"elementor-element elementor-element-c23468f e-con-full e-flex e-con e-child\" data-id=\"c23468f\" data-element_type=\"container\">\n\t\t\t\t<\/div>\n\t\t\t\t\t<\/div>\n\t\t\t\t<\/div>\n\t\t<div class=\"elementor-element elementor-element-2ff15b6 e-flex e-con-boxed e-con e-parent\" data-id=\"2ff15b6\" data-element_type=\"container\" data-settings=\"{&quot;background_background&quot;:&quot;classic&quot;}\">\n\t\t\t\t\t<div class=\"e-con-inner\">\n\t\t<div class=\"elementor-element elementor-element-1fc88b1 e-con-full e-flex e-con e-child\" data-id=\"1fc88b1\" data-element_type=\"container\">\n\t\t\t\t<div class=\"elementor-element elementor-element-a2d70a2 elementor-widget elementor-widget-heading\" data-id=\"a2d70a2\" data-element_type=\"widget\" data-widget_type=\"heading.default\">\n\t\t\t\t<div class=\"elementor-widget-container\">\n\t\t\t\t\t<h2 class=\"elementor-heading-title elementor-size-default\">Grietas<\/h2>\t\t\t\t<\/div>\n\t\t\t\t<\/div>\n\t\t\t\t<div class=\"elementor-element elementor-element-751a012 elementor-widget elementor-widget-heading\" data-id=\"751a012\" data-element_type=\"widget\" data-widget_type=\"heading.default\">\n\t\t\t\t<div class=\"elementor-widget-container\">\n\t\t\t\t\t<p class=\"elementor-heading-title elementor-size-default\">f. Abertura o quiebre que surge de forma natural en alguna superficie.<\/p>\t\t\t\t<\/div>\n\t\t\t\t<\/div>\n\t\t\t\t<div class=\"elementor-element elementor-element-6dbff0d elementor-widget elementor-widget-heading\" data-id=\"6dbff0d\" data-element_type=\"widget\" data-widget_type=\"heading.default\">\n\t\t\t\t<div class=\"elementor-widget-container\">\n\t\t\t\t\t<p class=\"elementor-heading-title elementor-size-default\">f. Hendidura alargada que se produce en un cuerpo s\u00f3lido. Dicha abertura o fisura tiene lugar cuando se separan dos materiales<\/p>\t\t\t\t<\/div>\n\t\t\t\t<\/div>\n\t\t\t\t<\/div>\n\t\t\t\t\t<\/div>\n\t\t\t\t<\/div>\n\t\t<div class=\"elementor-element elementor-element-9d8cfe9 e-flex e-con-boxed e-con e-parent\" data-id=\"9d8cfe9\" data-element_type=\"container\" data-settings=\"{&quot;background_background&quot;:&quot;classic&quot;}\">\n\t\t\t\t\t<div class=\"e-con-inner\">\n\t\t<div class=\"elementor-element elementor-element-7501fff e-con-full e-flex e-con e-child\" data-id=\"7501fff\" data-element_type=\"container\">\n\t\t\t\t<div class=\"elementor-element elementor-element-cd6b164 elementor-widget elementor-widget-gallery\" data-id=\"cd6b164\" data-element_type=\"widget\" data-settings=\"{&quot;gallery_layout&quot;:&quot;masonry&quot;,&quot;columns&quot;:2,&quot;gap&quot;:{&quot;unit&quot;:&quot;px&quot;,&quot;size&quot;:18,&quot;sizes&quot;:[]},&quot;lazyload&quot;:&quot;yes&quot;,&quot;columns_tablet&quot;:2,&quot;columns_mobile&quot;:1,&quot;gap_tablet&quot;:{&quot;unit&quot;:&quot;px&quot;,&quot;size&quot;:10,&quot;sizes&quot;:[]},&quot;gap_mobile&quot;:{&quot;unit&quot;:&quot;px&quot;,&quot;size&quot;:10,&quot;sizes&quot;:[]},&quot;link_to&quot;:&quot;file&quot;,&quot;overlay_background&quot;:&quot;yes&quot;,&quot;content_hover_animation&quot;:&quot;fade-in&quot;}\" data-widget_type=\"gallery.default\">\n\t\t\t\t<div class=\"elementor-widget-container\">\n\t\t\t\t\t\t\t<div class=\"elementor-gallery__container\">\n\t\t\t\t\t\t\t<a class=\"e-gallery-item elementor-gallery-item elementor-animated-content\" href=\"https:\/\/claudiamarcelaestrada.com\/wp-content\/uploads\/2025\/01\/MANOS-2.jpg\" data-elementor-open-lightbox=\"yes\" data-elementor-lightbox-slideshow=\"cd6b164\" data-elementor-lightbox-title=\"Cartago\" data-elementor-lightbox-description=\"T\u00e9cnica mixta. Fotograf\u00eda digital intervenida con tinta en formato an\u00e1logo. Tama\u00f1o 30 cm x 20 cm. A\u00f1o de creaci\u00f3n 2023\" data-e-action-hash=\"#elementor-action%3Aaction%3Dlightbox%26settings%3DeyJpZCI6MjA0OCwidXJsIjoiaHR0cHM6XC9cL2NsYXVkaWFtYXJjZWxhZXN0cmFkYS5jb21cL3dwLWNvbnRlbnRcL3VwbG9hZHNcLzIwMjVcLzAxXC9NQU5PUy0yLmpwZyIsInNsaWRlc2hvdyI6ImNkNmIxNjQifQ%3D%3D\">\n\t\t\t\t\t<div class=\"e-gallery-image elementor-gallery-item__image\" data-thumbnail=\"https:\/\/claudiamarcelaestrada.com\/wp-content\/uploads\/2025\/01\/MANOS-2-768x466.jpg\" data-width=\"768\" data-height=\"466\" aria-label=\"\" role=\"img\" ><\/div>\n\t\t\t\t\t\t\t\t\t\t\t<div class=\"elementor-gallery-item__overlay\"><\/div>\n\t\t\t\t\t\t\t\t\t\t\t\t\t\t<\/a>\n\t\t\t\t\t\t\t<a class=\"e-gallery-item elementor-gallery-item elementor-animated-content\" href=\"https:\/\/claudiamarcelaestrada.com\/wp-content\/uploads\/2025\/01\/manos.jpg\" data-elementor-open-lightbox=\"yes\" data-elementor-lightbox-slideshow=\"cd6b164\" data-elementor-lightbox-description=\"Sus manos marcan la estela de muchos caminos: los que vivi\u00f3, los que dese\u00f3 y los que sinti\u00f3 a trav\u00e9s de la piel de otros. Volver a ellas es asomarse en las grietas de la memoria para viajar a un lugar sin tiempo que sabe a sopa de verduras, juegos, primos y vacaciones; es volver para sentir que sus brazos me abrazan y que sus l\u00edneas acompa\u00f1an las que ahora se marcan en los m\u00edos. \" data-e-action-hash=\"#elementor-action%3Aaction%3Dlightbox%26settings%3DeyJpZCI6MjA0OSwidXJsIjoiaHR0cHM6XC9cL2NsYXVkaWFtYXJjZWxhZXN0cmFkYS5jb21cL3dwLWNvbnRlbnRcL3VwbG9hZHNcLzIwMjVcLzAxXC9tYW5vcy5qcGciLCJzbGlkZXNob3ciOiJjZDZiMTY0In0%3D\">\n\t\t\t\t\t<div class=\"e-gallery-image elementor-gallery-item__image\" data-thumbnail=\"https:\/\/claudiamarcelaestrada.com\/wp-content\/uploads\/2025\/01\/manos-768x464.jpg\" data-width=\"768\" data-height=\"464\" aria-label=\"\" role=\"img\" ><\/div>\n\t\t\t\t\t\t\t\t\t\t\t<div class=\"elementor-gallery-item__overlay\"><\/div>\n\t\t\t\t\t\t\t\t\t\t\t\t\t\t<\/a>\n\t\t\t\t\t\t\t<a class=\"e-gallery-item elementor-gallery-item elementor-animated-content\" href=\"https:\/\/claudiamarcelaestrada.com\/wp-content\/uploads\/2025\/01\/ASIENTO-SENTADOS.jpg\" data-elementor-open-lightbox=\"yes\" data-elementor-lightbox-slideshow=\"cd6b164\" data-elementor-lightbox-title=\"Amigo\" data-elementor-lightbox-description=\"T\u00e9cnica mixta. Fotograf\u00eda digital intervenida con tinta en formato an\u00e1logo. Tama\u00f1o 30 cm x 20 cm. A\u00f1o de creaci\u00f3n 2023\" data-e-action-hash=\"#elementor-action%3Aaction%3Dlightbox%26settings%3DeyJpZCI6MjA0NiwidXJsIjoiaHR0cHM6XC9cL2NsYXVkaWFtYXJjZWxhZXN0cmFkYS5jb21cL3dwLWNvbnRlbnRcL3VwbG9hZHNcLzIwMjVcLzAxXC9BU0lFTlRPLVNFTlRBRE9TLmpwZyIsInNsaWRlc2hvdyI6ImNkNmIxNjQifQ%3D%3D\">\n\t\t\t\t\t<div class=\"e-gallery-image elementor-gallery-item__image\" data-thumbnail=\"https:\/\/claudiamarcelaestrada.com\/wp-content\/uploads\/2025\/01\/ASIENTO-SENTADOS-768x557.jpg\" data-width=\"768\" data-height=\"557\" aria-label=\"\" role=\"img\" ><\/div>\n\t\t\t\t\t\t\t\t\t\t\t<div class=\"elementor-gallery-item__overlay\"><\/div>\n\t\t\t\t\t\t\t\t\t\t\t\t\t\t<\/a>\n\t\t\t\t\t\t\t<a class=\"e-gallery-item elementor-gallery-item elementor-animated-content\" href=\"https:\/\/claudiamarcelaestrada.com\/wp-content\/uploads\/2025\/01\/bancas.jpg\" data-elementor-open-lightbox=\"yes\" data-elementor-lightbox-slideshow=\"cd6b164\" data-elementor-lightbox-description=\"Las calles observan y con gui\u00f1os c\u00f3mplices me dicen que \u00e9l no se ha ido del todo. Las bancas tambi\u00e9n sonr\u00eden y entre l\u00edneas a\u00fan recuerdan a un abuelo y su nieta, cont\u00e1ndose secretos al atardecer. Son las cinco de la tarde, los p\u00e1jaros cruzan el r\u00edo y un grieta se forma en el cielo cuando los vemos volar.  \" data-e-action-hash=\"#elementor-action%3Aaction%3Dlightbox%26settings%3DeyJpZCI6MjA0NywidXJsIjoiaHR0cHM6XC9cL2NsYXVkaWFtYXJjZWxhZXN0cmFkYS5jb21cL3dwLWNvbnRlbnRcL3VwbG9hZHNcLzIwMjVcLzAxXC9iYW5jYXMuanBnIiwic2xpZGVzaG93IjoiY2Q2YjE2NCJ9\">\n\t\t\t\t\t<div class=\"e-gallery-image elementor-gallery-item__image\" data-thumbnail=\"https:\/\/claudiamarcelaestrada.com\/wp-content\/uploads\/2025\/01\/bancas-768x1036.jpg\" data-width=\"768\" data-height=\"1036\" aria-label=\"\" role=\"img\" ><\/div>\n\t\t\t\t\t\t\t\t\t\t\t<div class=\"elementor-gallery-item__overlay\"><\/div>\n\t\t\t\t\t\t\t\t\t\t\t\t\t\t<\/a>\n\t\t\t\t\t\t\t<a class=\"e-gallery-item elementor-gallery-item elementor-animated-content\" href=\"https:\/\/claudiamarcelaestrada.com\/wp-content\/uploads\/2025\/01\/mono.jpg\" data-elementor-open-lightbox=\"yes\" data-elementor-lightbox-slideshow=\"cd6b164\" data-elementor-lightbox-description=\"Mono. Sobre la grieta de una and\u00e9n me esperaba cada ma\u00f1ana mirando mi balc\u00f3n. Ten\u00eda la promesa, nunca dicha, de su compa\u00f1\u00eda. Una l\u00ednea sobre el suelo, se extiende invisible por las calles que nos vieron crecer y que un d\u00eda, sin mucho ruido, nos vieron partir.\" data-e-action-hash=\"#elementor-action%3Aaction%3Dlightbox%26settings%3DeyJpZCI6MjA1MCwidXJsIjoiaHR0cHM6XC9cL2NsYXVkaWFtYXJjZWxhZXN0cmFkYS5jb21cL3dwLWNvbnRlbnRcL3VwbG9hZHNcLzIwMjVcLzAxXC9tb25vLmpwZyIsInNsaWRlc2hvdyI6ImNkNmIxNjQifQ%3D%3D\">\n\t\t\t\t\t<div class=\"e-gallery-image elementor-gallery-item__image\" data-thumbnail=\"https:\/\/claudiamarcelaestrada.com\/wp-content\/uploads\/2025\/01\/mono-768x1061.jpg\" data-width=\"768\" data-height=\"1061\" aria-label=\"\" role=\"img\" ><\/div>\n\t\t\t\t\t\t\t\t\t\t\t<div class=\"elementor-gallery-item__overlay\"><\/div>\n\t\t\t\t\t\t\t\t\t\t\t\t\t\t<\/a>\n\t\t\t\t\t\t\t<a class=\"e-gallery-item elementor-gallery-item elementor-animated-content\" href=\"https:\/\/claudiamarcelaestrada.com\/wp-content\/uploads\/2025\/01\/Grietas-2_Claudia-Marcela-Estrada.jpg\" data-elementor-open-lightbox=\"yes\" data-elementor-lightbox-slideshow=\"cd6b164\" data-elementor-lightbox-description=\"Caminos. Una historia que termina es la antesala de algo que comienza. La migraci\u00f3n es moverse entre dos direcciones, pasado y presente. En el fondo todo es incierto, grietas que no acaban de decidirse entre el inicio o la  decadencia \u00bfir o volver? En esa ambig\u00fcedad seguimos caminando, cruz\u00e1ndonos con lo que fuimos y las posibilidades infinitas de lo que podemos ser. \" data-e-action-hash=\"#elementor-action%3Aaction%3Dlightbox%26settings%3DeyJpZCI6MjA1MSwidXJsIjoiaHR0cHM6XC9cL2NsYXVkaWFtYXJjZWxhZXN0cmFkYS5jb21cL3dwLWNvbnRlbnRcL3VwbG9hZHNcLzIwMjVcLzAxXC9HcmlldGFzLTJfQ2xhdWRpYS1NYXJjZWxhLUVzdHJhZGEuanBnIiwic2xpZGVzaG93IjoiY2Q2YjE2NCJ9\">\n\t\t\t\t\t<div class=\"e-gallery-image elementor-gallery-item__image\" data-thumbnail=\"https:\/\/claudiamarcelaestrada.com\/wp-content\/uploads\/2025\/01\/Grietas-2_Claudia-Marcela-Estrada-768x543.jpg\" data-width=\"768\" data-height=\"543\" aria-label=\"\" role=\"img\" ><\/div>\n\t\t\t\t\t\t\t\t\t\t\t<div class=\"elementor-gallery-item__overlay\"><\/div>\n\t\t\t\t\t\t\t\t\t\t\t\t\t\t<\/a>\n\t\t\t\t\t<\/div>\n\t\t\t\t\t<\/div>\n\t\t\t\t<\/div>\n\t\t\t\t<\/div>\n\t\t\t\t\t<\/div>\n\t\t\t\t<\/div>\n\t\t<div class=\"elementor-element elementor-element-29a3ff3 e-flex e-con-boxed e-con e-parent\" data-id=\"29a3ff3\" data-element_type=\"container\" data-settings=\"{&quot;background_background&quot;:&quot;classic&quot;}\">\n\t\t\t\t\t<div class=\"e-con-inner\">\n\t\t\t\t<div class=\"elementor-element elementor-element-14703f5 elementor-widget elementor-widget-heading\" data-id=\"14703f5\" data-element_type=\"widget\" data-widget_type=\"heading.default\">\n\t\t\t\t<div class=\"elementor-widget-container\">\n\t\t\t\t\t<p class=\"elementor-heading-title elementor-size-default\">La obra fue elegida para participar en la<\/p>\t\t\t\t<\/div>\n\t\t\t\t<\/div>\n\t\t\t\t<div class=\"elementor-element elementor-element-3b02cad elementor-widget elementor-widget-heading\" data-id=\"3b02cad\" data-element_type=\"widget\" data-widget_type=\"heading.default\">\n\t\t\t\t<div class=\"elementor-widget-container\">\n\t\t\t\t\t<h3 class=\"elementor-heading-title elementor-size-default\"> I Bienal de Artistas en Colombia <\/h3>\t\t\t\t<\/div>\n\t\t\t\t<\/div>\n\t\t\t\t<div class=\"elementor-element elementor-element-765fdd5 elementor-button-danger elementor-widget elementor-widget-button\" data-id=\"765fdd5\" data-element_type=\"widget\" data-widget_type=\"button.default\">\n\t\t\t\t<div class=\"elementor-widget-container\">\n\t\t\t\t\t\t\t\t\t<div class=\"elementor-button-wrapper\">\n\t\t\t\t\t<a class=\"elementor-button elementor-button-link elementor-size-sm\" href=\"https:\/\/claudiamarcelaestrada.com\/wp-content\/uploads\/2025\/01\/CATALOGO-I-BIENAL-DE-ARTISTAS-COLOMBIANOS-EN-ESPANA-1-1.pdf\">\n\t\t\t\t\t\t<span class=\"elementor-button-content-wrapper\">\n\t\t\t\t\t\t\t\t\t<span class=\"elementor-button-text\">Mira el cat\u00e1logo aqu\u00ed<\/span>\n\t\t\t\t\t<\/span>\n\t\t\t\t\t<\/a>\n\t\t\t\t<\/div>\n\t\t\t\t\t\t\t\t<\/div>\n\t\t\t\t<\/div>\n\t\t\t\t\t<\/div>\n\t\t\t\t<\/div>\n\t\t<div class=\"elementor-element elementor-element-3f3e71a e-flex e-con-boxed e-con e-parent\" data-id=\"3f3e71a\" data-element_type=\"container\" data-settings=\"{&quot;background_background&quot;:&quot;classic&quot;}\">\n\t\t\t\t\t<div class=\"e-con-inner\">\n\t\t<div class=\"elementor-element elementor-element-a923602 e-con-full e-flex e-con e-child\" data-id=\"a923602\" data-element_type=\"container\">\n\t\t\t\t<div class=\"elementor-element elementor-element-6a8528f elementor-widget elementor-widget-heading\" data-id=\"6a8528f\" data-element_type=\"widget\" data-widget_type=\"heading.default\">\n\t\t\t\t<div class=\"elementor-widget-container\">\n\t\t\t\t\t<h3 class=\"elementor-heading-title elementor-size-default\">Mira la nota de prensa de la obra<\/h3>\t\t\t\t<\/div>\n\t\t\t\t<\/div>\n\t\t\t\t<\/div>\n\t\t<div class=\"elementor-element elementor-element-b0e12e4 e-con-full e-flex e-con e-child\" data-id=\"b0e12e4\" data-element_type=\"container\">\n\t\t\t\t<div class=\"elementor-element elementor-element-8bf9e33 elementor-button-danger elementor-widget elementor-widget-button\" data-id=\"8bf9e33\" data-element_type=\"widget\" data-widget_type=\"button.default\">\n\t\t\t\t<div class=\"elementor-widget-container\">\n\t\t\t\t\t\t\t\t\t<div class=\"elementor-button-wrapper\">\n\t\t\t\t\t<a class=\"elementor-button elementor-button-link elementor-size-sm\" href=\"https:\/\/www.uao.edu.co\/comunicacion-y-ciencias-sociales\/claudia-estrada-un-viaje-de-grietas-a-la-bienal-en-espana\/\">\n\t\t\t\t\t\t<span class=\"elementor-button-content-wrapper\">\n\t\t\t\t\t\t\t\t\t<span class=\"elementor-button-text\">Haz clic aqu\u00ed<\/span>\n\t\t\t\t\t<\/span>\n\t\t\t\t\t<\/a>\n\t\t\t\t<\/div>\n\t\t\t\t\t\t\t\t<\/div>\n\t\t\t\t<\/div>\n\t\t\t\t<\/div>\n\t\t\t\t\t<\/div>\n\t\t\t\t<\/div>\n\t\t\t\t<\/div>","protected":false},"excerpt":{"rendered":"<p>Grietas [2022-2023] Dos materiales que se separan: el sujeto y su lugar de origen. El movimiento implica rupturas, cambios que se ven reflejados en la corteza del alma o de aquello que nos rodea. Fracturas de lo que somos -o creemos ser- y del mundo que reconocemos. Migrar implica deconstruirnos para volver a nacer, un [&hellip;]<\/p>","protected":false},"author":1,"featured_media":0,"parent":0,"menu_order":0,"comment_status":"closed","ping_status":"closed","template":"","meta":{"site-sidebar-layout":"no-sidebar","site-content-layout":"page-builder","ast-site-content-layout":"full-width-container","site-content-style":"unboxed","site-sidebar-style":"unboxed","ast-global-header-display":"","ast-banner-title-visibility":"","ast-main-header-display":"","ast-hfb-above-header-display":"","ast-hfb-below-header-display":"","ast-hfb-mobile-header-display":"","site-post-title":"disabled","ast-breadcrumbs-content":"","ast-featured-img":"disabled","footer-sml-layout":"","theme-transparent-header-meta":"enabled","adv-header-id-meta":"","stick-header-meta":"","header-above-stick-meta":"","header-main-stick-meta":"","header-below-stick-meta":"","astra-migrate-meta-layouts":"set","ast-page-background-enabled":"default","ast-page-background-meta":{"desktop":{"background-color":"","background-image":"","background-repeat":"repeat","background-position":"center center","background-size":"auto","background-attachment":"scroll","background-type":"","background-media":"","overlay-type":"","overlay-color":"","overlay-opacity":"","overlay-gradient":""},"tablet":{"background-color":"","background-image":"","background-repeat":"repeat","background-position":"center center","background-size":"auto","background-attachment":"scroll","background-type":"","background-media":"","overlay-type":"","overlay-color":"","overlay-opacity":"","overlay-gradient":""},"mobile":{"background-color":"","background-image":"","background-repeat":"repeat","background-position":"center center","background-size":"auto","background-attachment":"scroll","background-type":"","background-media":"","overlay-type":"","overlay-color":"","overlay-opacity":"","overlay-gradient":""}},"ast-content-background-meta":{"desktop":{"background-color":"var(--ast-global-color-5)","background-image":"","background-repeat":"repeat","background-position":"center center","background-size":"auto","background-attachment":"scroll","background-type":"","background-media":"","overlay-type":"","overlay-color":"","overlay-opacity":"","overlay-gradient":""},"tablet":{"background-color":"var(--ast-global-color-5)","background-image":"","background-repeat":"repeat","background-position":"center center","background-size":"auto","background-attachment":"scroll","background-type":"","background-media":"","overlay-type":"","overlay-color":"","overlay-opacity":"","overlay-gradient":""},"mobile":{"background-color":"var(--ast-global-color-5)","background-image":"","background-repeat":"repeat","background-position":"center center","background-size":"auto","background-attachment":"scroll","background-type":"","background-media":"","overlay-type":"","overlay-color":"","overlay-opacity":"","overlay-gradient":""}},"footnotes":""},"class_list":["post-2004","page","type-page","status-publish","hentry"],"_links":{"self":[{"href":"https:\/\/claudiamarcelaestrada.com\/ca\/wp-json\/wp\/v2\/pages\/2004","targetHints":{"allow":["GET"]}}],"collection":[{"href":"https:\/\/claudiamarcelaestrada.com\/ca\/wp-json\/wp\/v2\/pages"}],"about":[{"href":"https:\/\/claudiamarcelaestrada.com\/ca\/wp-json\/wp\/v2\/types\/page"}],"author":[{"embeddable":true,"href":"https:\/\/claudiamarcelaestrada.com\/ca\/wp-json\/wp\/v2\/users\/1"}],"replies":[{"embeddable":true,"href":"https:\/\/claudiamarcelaestrada.com\/ca\/wp-json\/wp\/v2\/comments?post=2004"}],"version-history":[{"count":0,"href":"https:\/\/claudiamarcelaestrada.com\/ca\/wp-json\/wp\/v2\/pages\/2004\/revisions"}],"wp:attachment":[{"href":"https:\/\/claudiamarcelaestrada.com\/ca\/wp-json\/wp\/v2\/media?parent=2004"}],"curies":[{"name":"wp","href":"https:\/\/api.w.org\/{rel}","templated":true}]}}